{"id":4814,"date":"2024-05-31T13:20:58","date_gmt":"2024-05-31T11:20:58","guid":{"rendered":"http:\/\/psychoanalyse-duesseldorf.de.w020562b.kasserver.com\/cms\/?page_id=4814"},"modified":"2025-06-23T20:34:19","modified_gmt":"2025-06-23T18:34:19","slug":"bewerbungsverfahren","status":"publish","type":"page","link":"https:\/\/www.psychoanalyse-duesseldorf.de\/?page_id=4814","title":{"rendered":"Bewerbungsverfahren"},"content":{"rendered":"\n<div class=\"wp-block-columns tw-cols-card tw-cols-card-shadow is-layout-flex wp-container-core-columns-is-layout-d0b3c9c8 wp-block-columns-is-layout-flex\">\n<div class=\"wp-block-column is-layout-flow wp-block-column-is-layout-flow\" style=\"--col-width:100%;flex-basis:100%\">\n<div class=\"wp-block-group\"><div class=\"wp-block-group__inner-container is-layout-constrained wp-block-group-is-layout-constrained\">\n<p><strong>Bewerbung f\u00fcr Ausbildung (PsychThG)<\/strong><\/p>\n\n\n\n<div class=\"wp-block-group has-subtle-background-color has-background\"><div class=\"wp-block-group__inner-container is-layout-constrained wp-block-group-is-layout-constrained\">\n<p class=\"has-text-align-center has-large-font-size\">Bewerbung f\u00fcr Ausbildung<\/p>\n\n\n\n<div class=\"wp-block-buttons is-content-justification-center is-layout-flex wp-container-core-buttons-is-layout-a89b3969 wp-block-buttons-is-layout-flex\">\n<div class=\"wp-block-button\"><a class=\"wp-block-button__link has-white-color has-text-color has-background has-link-color wp-element-button\" href=\"https:\/\/www.psychoanalyse-duesseldorf.de\/cms\/wp-content\/uploads\/2025\/01\/Bewerbung-fuer-Ausbildung.pdf\" style=\"background-color:#891039\" target=\"_blank\" rel=\"noreferrer noopener\">Download<\/a><\/div>\n<\/div>\n<\/div><\/div>\n\n\n\n<div style=\"height:1rem\" aria-hidden=\"true\" class=\"wp-block-spacer\"><\/div>\n\n\n\n<p><strong>Zugangsvoraussetzungen (PsychThG)<\/strong><\/p>\n\n\n\n<div class=\"wp-block-group has-subtle-background-color has-background\"><div class=\"wp-block-group__inner-container is-layout-constrained wp-block-group-is-layout-constrained\">\n<p class=\"has-text-align-center has-large-font-size\">Zugangsvoraussetzungen<\/p>\n\n\n\n<div class=\"wp-block-buttons is-content-justification-center is-layout-flex wp-container-core-buttons-is-layout-a89b3969 wp-block-buttons-is-layout-flex\">\n<div class=\"wp-block-button\"><a class=\"wp-block-button__link has-white-color has-text-color has-background has-link-color wp-element-button\" href=\"https:\/\/www.psychoanalyse-duesseldorf.de\/cms\/wp-content\/uploads\/2024\/04\/Zugangsvoraussetzungen-Ausbildung.pdf\" style=\"background-color:#891039\" target=\"_blank\" rel=\"noreferrer noopener\">Download<\/a><\/div>\n<\/div>\n<\/div><\/div>\n\n\n\n<div style=\"height:1rem\" aria-hidden=\"true\" class=\"wp-block-spacer\"><\/div>\n\n\n\n<p>Es ist m\u00f6glich, sich bereits vor Erhalt des Masterzeugnisses bei uns zu bewerben.<\/p>\n\n\n\n<p><strong>Kooperationseinrichtungen f\u00fcr die praktische T\u00e4tigkeit<\/strong><\/p>\n\n\n\n<div class=\"wp-block-group has-subtle-background-color has-background\"><div class=\"wp-block-group__inner-container is-layout-constrained wp-block-group-is-layout-constrained\">\n<p class=\"has-text-align-center has-large-font-size\">Kooperationseinrichtungen<\/p>\n\n\n\n<div class=\"wp-block-buttons is-content-justification-center is-layout-flex wp-container-core-buttons-is-layout-a89b3969 wp-block-buttons-is-layout-flex\">\n<div class=\"wp-block-button\"><a class=\"wp-block-button__link has-white-color has-text-color has-background has-link-color wp-element-button\" href=\"https:\/\/www.psychoanalyse-duesseldorf.de\/cms\/wp-content\/uploads\/2024\/07\/Kooperation-fuer-praktische-Taetigkeit.pdf\" style=\"background-color:#891039\" target=\"_blank\" rel=\"noreferrer noopener\">Download<\/a><\/div>\n<\/div>\n<\/div><\/div>\n\n\n\n<div style=\"height:1rem\" aria-hidden=\"true\" class=\"wp-block-spacer\"><\/div>\n\n\n\n<p><strong>Bewerbung f\u00fcr Weiterbildung (\u00c4rzt_innen und approbierte Psycholog_innen<\/strong>)<\/p>\n\n\n\n<div class=\"wp-block-group has-subtle-background-color has-background\"><div class=\"wp-block-group__inner-container is-layout-constrained wp-block-group-is-layout-constrained\">\n<p class=\"has-text-align-center has-large-font-size\">Bewerbung f\u00fcr Weiterbildung<\/p>\n\n\n\n<div class=\"wp-block-buttons is-content-justification-center is-layout-flex wp-container-core-buttons-is-layout-a89b3969 wp-block-buttons-is-layout-flex\">\n<div class=\"wp-block-button\"><a class=\"wp-block-button__link has-white-color has-text-color has-background has-link-color wp-element-button\" href=\"https:\/\/www.psychoanalyse-duesseldorf.de\/cms\/wp-content\/uploads\/2024\/05\/Bewerbung-fuer-Weiterbildung.pdf\" style=\"background-color:#891039\" target=\"_blank\" rel=\"noreferrer noopener\">Download<\/a><\/div>\n<\/div>\n<\/div><\/div>\n\n\n\n<div style=\"height:1rem\" aria-hidden=\"true\" class=\"wp-block-spacer\"><\/div>\n\n\n\n<p><strong>Aufnahmeprocedere externer Absolvent_innen<\/strong><\/p>\n\n\n\n<div class=\"wp-block-group has-subtle-background-color has-background\"><div class=\"wp-block-group__inner-container is-layout-constrained wp-block-group-is-layout-constrained\">\n<p class=\"has-text-align-center has-large-font-size\">Merkblatt f\u00fcr Aufnahmeprocedere<\/p>\n\n\n\n<div class=\"wp-block-buttons is-content-justification-center is-layout-flex wp-container-core-buttons-is-layout-a89b3969 wp-block-buttons-is-layout-flex\">\n<div class=\"wp-block-button\"><a class=\"wp-block-button__link has-white-color has-text-color has-background has-link-color wp-element-button\" href=\"https:\/\/www.psychoanalyse-duesseldorf.de\/cms\/wp-content\/uploads\/2025\/06\/Merkblatt-Aufnahme-externer-Absolvent_innen-am-IPD.pdf\" style=\"background-color:#891039\" target=\"_blank\" rel=\"noreferrer noopener\">Download<\/a><\/div>\n<\/div>\n<\/div><\/div>\n\n\n\n<div style=\"height:1rem\" aria-hidden=\"true\" class=\"wp-block-spacer\"><\/div>\n\n\n\n<p><strong>Bei Fragen zur Aus- und Weiterbildung wenden Sie sich bitte an:<\/strong><\/p>\n\n\n\n<p>Dr. med. Ingeborg Lackinger Karger (DGPT\/DPG\/IPA)<br>Am Rittersberg 47<br>40595 D\u00fcsseldorf<br>Tel.: +49 211 7822506<br>E-Mail: <a href=\"mailto:lackingerkarger@arcor.de\">lackingerkarger@arcor.de<\/a><\/p>\n\n\n\n<p>Dr. med. Dipl.-Psych. Josefine Lorenzen (DGPT)<br>Kaiserswerther Str. 45<br>40477 D\u00fcsseldorf<br>Tel.: +49 211 \/ 16456593<br>E-Mail: <a href=\"mailto:josefine.lorenzen@t-online.de\"><u>josefine.lorenzen@t-online.de<\/u><\/a><br><br><\/p>\n<\/div><\/div>\n<\/div>\n<\/div>\n","protected":false},"excerpt":{"rendered":"<p>Bewerbung f\u00fcr Ausbildung (PsychThG) Bewerbung f\u00fcr Ausbildung Zugangsvoraussetzungen (PsychThG) Zugangsvoraussetzungen Es ist m\u00f6glich, sich bereits vor Erhalt des Masterzeugnisses bei uns zu bewerben. Kooperationseinrichtungen f\u00fcr die praktische T\u00e4tigkeit Kooperationseinrichtungen Bewerbung f\u00fcr Weiterbildung (\u00c4rzt_innen und approbierte Psycholog_innen) Bewerbung f\u00fcr Weiterbildung Aufnahmeprocedere externer Absolvent_innen Merkblatt f\u00fcr Aufnahmeprocedere Bei Fragen zur Aus- und Weiterbildung wenden Sie sich bitte&hellip; <a class=\"more-link\" href=\"https:\/\/www.psychoanalyse-duesseldorf.de\/?page_id=4814\"><span class=\"screen-reader-text\">Bewerbungsverfahren<\/span> weiterlesen<\/a><\/p>\n","protected":false},"author":2,"featured_media":0,"parent":0,"menu_order":0,"comment_status":"closed","ping_status":"closed","template":"","meta":{"footnotes":""},"class_list":["post-4814","page","type-page","status-publish","hentry","entry"],"_links":{"self":[{"href":"https:\/\/www.psychoanalyse-duesseldorf.de\/index.php?rest_route=\/wp\/v2\/pages\/4814","targetHints":{"allow":["GET"]}}],"collection":[{"href":"https:\/\/www.psychoanalyse-duesseldorf.de\/index.php?rest_route=\/wp\/v2\/pages"}],"about":[{"href":"https:\/\/www.psychoanalyse-duesseldorf.de\/index.php?rest_route=\/wp\/v2\/types\/page"}],"author":[{"embeddable":true,"href":"https:\/\/www.psychoanalyse-duesseldorf.de\/index.php?rest_route=\/wp\/v2\/users\/2"}],"replies":[{"embeddable":true,"href":"https:\/\/www.psychoanalyse-duesseldorf.de\/index.php?rest_route=%2Fwp%2Fv2%2Fcomments&post=4814"}],"version-history":[{"count":8,"href":"https:\/\/www.psychoanalyse-duesseldorf.de\/index.php?rest_route=\/wp\/v2\/pages\/4814\/revisions"}],"predecessor-version":[{"id":5226,"href":"https:\/\/www.psychoanalyse-duesseldorf.de\/index.php?rest_route=\/wp\/v2\/pages\/4814\/revisions\/5226"}],"wp:attachment":[{"href":"https:\/\/www.psychoanalyse-duesseldorf.de\/index.php?rest_route=%2Fwp%2Fv2%2Fmedia&parent=4814"}],"curies":[{"name":"wp","href":"https:\/\/api.w.org\/{rel}","templated":true}]}}